{"id":836,"date":"2019-02-13T18:14:04","date_gmt":"2019-02-13T18:14:04","guid":{"rendered":"https:\/\/www.intecap.edu.gt\/centros\/centrobajaverapaz\/?page_id=836"},"modified":"2023-07-26T16:54:17","modified_gmt":"2023-07-26T16:54:17","slug":"quienessomos","status":"publish","type":"page","link":"https:\/\/www.intecap.edu.gt\/centros\/centrobajaverapaz\/quienessomos\/","title":{"rendered":"Quienes Somos"},"content":{"rendered":"<p>[vc_row][vc_column][vc_empty_space hide_on_mobile=&#8221;&#8221;][vc_custom_heading source=&#8221;post_title&#8221; use_theme_fonts=&#8221;yes&#8221;][vc_empty_space hide_on_mobile=&#8221;&#8221;][vc_single_image image=&#8221;1862&#8243; img_size=&#8221;full&#8221; alignment=&#8221;center&#8221;][vc_empty_space hide_on_mobile=&#8221;&#8221;][vc_empty_space hide_on_mobile=&#8221;&#8221;][\/vc_column][\/vc_row][vc_row][vc_column width=&#8221;1\/6&#8243;][\/vc_column][vc_column width=&#8221;2\/3&#8243;][vc_column_text]<\/p>\n<h5 style=\"text-align: justify;\">INTECAP Baja Verapaz est\u00e1 ubicado en el kil\u00f3metro 144 de la carretera RN 17 hacia Salam\u00e1, cerca de San Jer\u00f3nimo y a cuatro kil\u00f3metros del centro de la cabecera departamental de Baja Verapaz. El terreno de 73,974.78 metros cuadrados en el que se encuentra fue\u00a0 donado por la Municipalidad de Salam\u00e1. El edificio se construy\u00f3 en los a\u00f1os 2014 y 2015 y fue equipado por el INTECAP.<\/h5>\n<h5 style=\"text-align: justify;\">El Centro se inaugur\u00f3 el 13 de noviembre de 2015. Al inicio contaba con cinco aulas y cinco talleres totalmente equipados para los programas de electricidad, soldadura, mec\u00e1nica automotriz y de motocicletas, esteticismo e inform\u00e1tica.<\/h5>\n<h5 style=\"text-align: justify;\">Atiende las especialidades de: corte y confecci\u00f3n, cocinero, cultor(a) de belleza, peluquero, t\u00e9cnico en reparaci\u00f3n y soporte de sistemas inform\u00e1ticos. En 2018 se construyeron los talleres de gastronom\u00eda y reposter\u00eda. El taller de cocina cuenta con 10 estaciones de trabajo, el de panader\u00eda tiene un horno industrial y dos aulas acondicionadas para impartir los contenidos te\u00f3ricos, y dispone de un restaurante-escuela que atiende a los participantes de las diferentes carreras<\/h5>\n<h5><big><strong>Horario de Atenci\u00f3n<\/strong><\/big><\/h5>\n<ul>\n<li style=\"text-align: justify;\">\n<h5><big><strong>\u00c1rea Administrativa:\u00a0 <\/strong><\/big><big>De lunes a viernes de 08:00 a 16:00 horas<\/big><\/h5>\n<\/li>\n<li>\n<h5><big><strong>\u00c1reas del Centro:\u00a0<\/strong> 2 aulas, 3 laboratorios, 8 talleres, Sal\u00f3n de usos m\u00faltiples.<strong><br \/>\n<\/strong><\/big><\/h5>\n<\/li>\n<\/ul>\n<p>[\/vc_column_text][\/vc_column][vc_column width=&#8221;1\/6&#8243;][\/vc_column][\/vc_row]<\/p>\n","protected":false},"excerpt":{"rendered":"<p>[vc_row][vc_column][vc_empty_space hide_on_mobile=&#8221;&#8221;][vc_custom_heading source=&#8221;post_title&#8221; use_theme_fonts=&#8221;yes&#8221;][vc_empty_space hide_on_mobile=&#8221;&#8221;][vc_single_image image=&#8221;1862&#8243; img_size=&#8221;full&#8221; alignment=&#8221;center&#8221;][vc_empty_space hide_on_mobile=&#8221;&#8221;][vc_empty_space hide_on_mobile=&#8221;&#8221;][\/vc_column][\/vc_row][vc_row][vc_column width=&#8221;1\/6&#8243;][\/vc_column][vc_column width=&#8221;2\/3&#8243;][vc_column_text] INTECAP Baja Verapaz est\u00e1 ubicado en el kil\u00f3metro 144 de la carretera RN 17 hacia Salam\u00e1, cerca de San Jer\u00f3nimo y a cuatro kil\u00f3metros del centro de la cabecera departamental de Baja Verapaz. El terreno de 73,974.78 metros cuadrados en el que se encuentra fue\u00a0 donado por la&hellip;<\/p>\n","protected":false},"author":1,"featured_media":0,"parent":0,"menu_order":0,"comment_status":"closed","ping_status":"closed","template":"","meta":{"_et_pb_use_builder":"","_et_pb_old_content":"","_et_gb_content_width":"","_monsterinsights_skip_tracking":false,"footnotes":""},"class_list":["post-836","page","type-page","status-publish","hentry"],"_links":{"self":[{"href":"https:\/\/www.intecap.edu.gt\/centros\/centrobajaverapaz\/wp-json\/wp\/v2\/pages\/836","targetHints":{"allow":["GET"]}}],"collection":[{"href":"https:\/\/www.intecap.edu.gt\/centros\/centrobajaverapaz\/wp-json\/wp\/v2\/pages"}],"about":[{"href":"https:\/\/www.intecap.edu.gt\/centros\/centrobajaverapaz\/wp-json\/wp\/v2\/types\/page"}],"author":[{"embeddable":true,"href":"https:\/\/www.intecap.edu.gt\/centros\/centrobajaverapaz\/wp-json\/wp\/v2\/users\/1"}],"replies":[{"embeddable":true,"href":"https:\/\/www.intecap.edu.gt\/centros\/centrobajaverapaz\/wp-json\/wp\/v2\/comments?post=836"}],"version-history":[{"count":42,"href":"https:\/\/www.intecap.edu.gt\/centros\/centrobajaverapaz\/wp-json\/wp\/v2\/pages\/836\/revisions"}],"predecessor-version":[{"id":1873,"href":"https:\/\/www.intecap.edu.gt\/centros\/centrobajaverapaz\/wp-json\/wp\/v2\/pages\/836\/revisions\/1873"}],"wp:attachment":[{"href":"https:\/\/www.intecap.edu.gt\/centros\/centrobajaverapaz\/wp-json\/wp\/v2\/media?parent=836"}],"curies":[{"name":"wp","href":"https:\/\/api.w.org\/{rel}","templated":true}]}}